{"id":1534,"date":"2023-11-24T09:44:20","date_gmt":"2023-11-24T08:44:20","guid":{"rendered":"https:\/\/www.gymx.sk\/szemelyes-adatok-vedelme\/"},"modified":"2024-05-20T15:35:31","modified_gmt":"2024-05-20T13:35:31","slug":"szemelyes-adatok-vedelme","status":"publish","type":"page","link":"https:\/\/www.gymx.sk\/hu\/szemelyes-adatok-vedelme\/","title":{"rendered":"Szem\u00e9lyes adatok v\u00e9delme"},"content":{"rendered":"<div class=\"wpb-content-wrapper\"><p>[vc_row css_animation=&#8221;&#8221; row_type=&#8221;row&#8221; use_row_as_full_screen_section=&#8221;no&#8221; type=&#8221;grid&#8221; angled_section=&#8221;no&#8221; text_align=&#8221;left&#8221; background_image_as_pattern=&#8221;without_pattern&#8221; bg_type=&#8221;bg_color&#8221; z_index=&#8221;&#8221; bg_color_value=&#8221;#000000&#8243;][vc_column][vc_column_text css=&#8221;.vc_custom_1702042192906{padding-bottom: 19px !important;}&#8221;]<\/p>\n<h2><strong>Szem\u00e9lyes adatok v\u00e9delme<\/strong><\/h2>\n<p>[\/vc_column_text][vc_column_text css=&#8221;.vc_custom_1702043562008{padding-bottom: 14px !important;}&#8221;]<\/p>\n<h5>T\u00e1j\u00e9koztat\u00f3 a szem\u00e9lyes adatok kezel\u00e9s\u00e9r\u0151l<\/h5>\n<p>[\/vc_column_text][vc_column_text css=&#8221;.vc_custom_1702043462569{padding-bottom: 26px !important;}&#8221;]A szem\u00e9lyes adatok kezel\u00e9s\u00e9vel kapcsolatban az Eur\u00f3pai Parlament \u00e9s a Tan\u00e1cs (EU) a term\u00e9szetes szem\u00e9lyeknek a szem\u00e9lyes adatok kezel\u00e9se tekintet\u00e9ben t\u00f6rt\u00e9n\u0151 v\u00e9delm\u00e9r\u0151l \u00e9s az ilyen adatok szabad \u00e1raml\u00e1s\u00e1r\u00f3l, valamint a 95\/46\/EK rendelet hat\u00e1lyon k\u00edv\u00fcl helyez\u00e9s\u00e9r\u0151l sz\u00f3l\u00f3 2016\/679 rendelete (\u201eGDPR\u201d) \u00e9rtelm\u00e9ben a k\u00f6vetkez\u0151 t\u00e1j\u00e9koztat\u00e1st adjuk.[\/vc_column_text][vc_column_text css=&#8221;.vc_custom_1702043569580{padding-bottom: 14px !important;}&#8221;]<\/p>\n<h5>Ki az \u00fczemeltet\u0151?<\/h5>\n<p>[\/vc_column_text][vc_column_text css=&#8221;.vc_custom_1705220675141{padding-bottom: 26px !important;}&#8221;]\u00dczemeltet\u0151\/adatkezel\u0151 az, aki a szem\u00e9lyes adatok kezel\u00e9s\u00e9nek c\u00e9ljait \u00e9s eszk\u00f6zeit \u00f6n\u00e1ll\u00f3an vagy m\u00e1sokkal egy\u00fctt meghat\u00e1rozza.<\/p>\n<p><strong>C\u00e9gn\u00e9v:<\/strong> CF STUDIO s.r.o.<\/p>\n<p><strong>Sz\u00e9khely: <\/strong>Letn\u00e1 utca 90\/24, 94501 Kom\u00e1rno<\/p>\n<p><strong>Statisztikai azonos\u00edt\u00f3 jel: 55099041<\/strong>[\/vc_column_text][vc_column_text css=&#8221;.vc_custom_1702043607710{padding-bottom: 14px !important;}&#8221;]<\/p>\n<h5>Szem\u00e9lyes adatoke k\u00f6re<\/h5>\n<p>[\/vc_column_text][vc_column_text css=&#8221;.vc_custom_1702043626806{padding-bottom: 26px !important;}&#8221;]Az \u00e1ltalunk kezelt szem\u00e9lyes adatok k\u00f6r\u00e9t minimaliz\u00e1ljuk annak megfelel\u0151en, hogy azok elegend\u0151ek legyenek a t\u0151l\u00fcnk elv\u00e1rt szolg\u00e1ltat\u00e1sok magas sz\u00ednvonal\u00fa teljes\u00edt\u00e9s\u00e9hez, t\u00f6rv\u00e9nyi k\u00f6telezetts\u00e9geink teljes\u00edt\u00e9s\u00e9hez, valamint jogos \u00e9rdekeink v\u00e9delm\u00e9hez. \u00dcgyfeleink szem\u00e9lyes adatait \u00e9s azon potenci\u00e1lis \u00fcgyfeleink szem\u00e9lyes adatait kezelj\u00fck, akik ehhez el\u0151zetes hozz\u00e1j\u00e1rul\u00e1sukat adt\u00e1k. Az \u00e1ltalunk kezelt szem\u00e9lyes adatok k\u00f6re a k\u00f6vetkez\u0151:<\/p>\n<ul>\n<li>Alapadatok, mint az \u00f6n keresztneve \u00e9s vezet\u00e9kneve, lakc\u00edme, vagy statisztikai azonos\u00edt\u00f3 jele, ha \u00f6n v\u00e1llalkoz\u00f3 &#8211; term\u00e9szetes szem\u00e9ly (egy\u00e9ni v\u00e1llalkoz\u00f3).<\/li>\n<li>El\u00e9rhet\u0151s\u00e9gi adatok, mint az \u00f6n e-mail c\u00edme, telefonsz\u00e1ma vagy egy\u00e9b el\u00e9rhet\u00f6s\u00e9ge.<\/li>\n<li>Az \u00f6nnel folytatott e-mail vagy egy\u00e9b kommunik\u00e1ci\u00f3 elektronikus vagy \u00edr\u00e1sos nyilv\u00e1ntart\u00e1sa.<\/li>\n<li>Tranzakci\u00f3s adatok, k\u00fcl\u00f6n\u00f6sen a fizet\u00e9sekkel \u00e9s fizet\u00e9si m\u00f3dokkal kapcsolatos inform\u00e1ci\u00f3k.<\/li>\n<\/ul>\n<p>[\/vc_column_text][vc_column_text css=&#8221;.vc_custom_1702043646603{padding-bottom: 14px !important;}&#8221;]<\/p>\n<h5>A szem\u00e9lyes adatkezel\u00e9s c\u00e9lja:<\/h5>\n<p>[\/vc_column_text][vc_column_text css=&#8221;.vc_custom_1702043664117{padding-bottom: 26px !important;}&#8221;]A szem\u00e9lyes adatok kezel\u00e9se els\u0151sorban a l\u00e9trej\u00f6v\u0151 szerz\u0151d\u00e9s megk\u00f6t\u00e9s\u00e9hez, a szerz\u0151d\u00e9s (megrendel\u00e9s) teljes\u00edt\u00e9s\u00e9hez sz\u00fcks\u00e9ges m\u00e9rt\u00e9kben t\u00f6rt\u00e9nik. Ez a tev\u00e9kenys\u00e9g mag\u00e1ba foglalja a megrendel\u00e9sek felv\u00e9tel\u00e9t \u00e9s feldolgoz\u00e1s\u00e1t, sz\u00e1ml\u00e1k ki\u00e1ll\u00edt\u00e1s\u00e1t, ad\u00f3dokumentumok, fizet\u00e9si nyilv\u00e1ntart\u00e1sok vezet\u00e9s\u00e9t valamint a term\u00e9k k\u00e9zbes\u00edt\u00e9st az \u00f6n \u00e1ltal kiv\u00e1lasztott c\u00edmre stb.<\/p>\n<p>T\u00f6rv\u00e9nyi k\u00f6telezetts\u00e9geink megfelel\u0151 teljes\u00edt\u00e9se \u00e9rdek\u00e9ben szem\u00e9lyes adatokat kezel\u00fcnk a sz\u00e1mlavezet\u00e9s, nyilv\u00e1ntart\u00e1s vezet\u00e9s, illetve reklam\u00e1ci\u00f3s panaszok kezel\u00e9se c\u00e9lj\u00e1b\u00f3l is. Egyes esetekben sz\u00fcks\u00e9ges lehet a szem\u00e9lyes adatok feldolgoz\u00e1s\u00e1ra peres elj\u00e1r\u00e1sok valamint peren k\u00edv\u00fcli k\u00f6vetel\u00e9sbehajt\u00e1s c\u00e9lj\u00e1b\u00f3l is.[\/vc_column_text][vc_column_text css=&#8221;.vc_custom_1702043689583{padding-bottom: 14px !important;}&#8221;]<\/p>\n<h5>Szem\u00e9lyes adatok fellhasz\u00e1l\u00e1s\u00e1nak jogalapja<\/h5>\n<p>[\/vc_column_text][vc_column_text css=&#8221;.vc_custom_1702043706200{padding-bottom: 26px !important;}&#8221;]Szem\u00e9lyes adatait kiz\u00e1r\u00f3lag a jogszab\u00e1lyoknak megfelel\u0151en, valamint a jogi alapelvek szem el\u0151tt tart\u00e1s\u00e1val kezelj\u00fck, a k\u00f6vetkez\u0151 esetekben:<\/p>\n<ul>\n<li>Ha a szem\u00e9lyes adatok kezel\u00e9se olyan szerz\u0151d\u00e9s teljes\u00edt\u00e9s\u00e9hez sz\u00fcks\u00e9ges, amelyben \u00f6n az \u00e9rintett szerz\u0151d\u0151 f\u00e9l, vagy a szerz\u0151d\u00e9s megk\u00f6t\u00e9s\u00e9t megel\u0151z\u0151 l\u00e9p\u00e9sek megt\u00e9tel\u00e9t k\u00e9rte t\u00e1rsas\u00e1gukt\u00f3l.<\/li>\n<li>Valamint ha a szem\u00e9lyes adatok feldolgoz\u00e1sa az \u00e1ltalunk k\u00f6vetelt jogos \u00e9rdek\u00fcnk \u00e9rv\u00e9nyes\u00edt\u00e9s\u00e9hez sz\u00fcks\u00e9ges, amely els\u0151sorban az \u00e1ruk k\u00edn\u00e1lat\u00e1ra \u00e9s szolg\u00e1ltat\u00e1sok \u00fcgyfeleink r\u00e9sz\u00e9re t\u00f6rt\u00e9n\u0151 \u00e9rt\u00e9kes\u00edt\u00e9s\u00e9re vonatkozik.<\/li>\n<li>Tov\u00e1bb\u00e1 amennyiben ha \u00f6n hozz\u00e1j\u00e1rul\u00e1s\u00e1t adta szem\u00e9lyes adatainak egy vagy t\u00f6bb konkr\u00e9t c\u00e9lb\u00f3l t\u00f6rt\u00e9n\u0151 kezel\u00e9s\u00e9hez. Ide tartozhatnak azon tev\u00e9kenys\u00e9gek melyek az \u00e1ruk \u00e9s szolg\u00e1ltat\u00e1sok k\u00edn\u00e1lat\u00e1hoz kapcsol\u00f3dnak vagy a k\u00edn\u00e1lat szem\u00e9lyre szab\u00e1s\u00e1t az \u00d6n elv\u00e1r\u00e1sainak szem el\u0151tt tart\u00e1s\u00e1val.<\/li>\n<\/ul>\n<p>[\/vc_column_text][vc_column_text css=&#8221;.vc_custom_1702043726511{padding-bottom: 14px !important;}&#8221;]<\/p>\n<h5>Szem\u00e9lyes adatok c\u00edmzettjei<\/h5>\n<p>[\/vc_column_text][vc_column_text css=&#8221;.vc_custom_1702043744275{padding-bottom: 26px !important;}&#8221;]A szem\u00e9lyes adatok c\u00edmzettjei lehetnek:<\/p>\n<ul>\n<li>Fut\u00e1rszolg\u00e1latok \u00e9s egy\u00e9b \u00e1rusz\u00e1ll\u00edt\u00e1ssal foglalkoz\u00f3 c\u00e9gek<\/li>\n<li>Informatikai \u00e9s t\u00e1vk\u00f6zl\u00e9si szolg\u00e1ltat\u00f3k<\/li>\n<li>\u00dcgyv\u00e9dek \u00e9s jogi irod\u00e1k<\/li>\n<li>Szak\u00e9rt\u0151k \u00e9s igazs\u00e1g\u00fcgyi szak\u00e9rt\u0151k<\/li>\n<li>K\u00f6vetel\u00e9skezelo c\u00e9gek \u00e9s v\u00e9grehajt\u00f3k<\/li>\n<li>B\u00edr\u00f3s\u00e1gok \u00e9s m\u00e1s b\u0171n\u00fcld\u00f6z\u0151 szervek<\/li>\n<li>K\u00f6nyvel\u0151 irod\u00e1k, k\u00f6nyvvizsg\u00e1l\u00f3k \u00e9s ad\u00f3tan\u00e1csad\u00f3k<\/li>\n<\/ul>\n<p>[\/vc_column_text][vc_column_text css=&#8221;.vc_custom_1702043764221{padding-bottom: 14px !important;}&#8221;]<\/p>\n<h5>A szem\u00e9lyes adatok t\u00e1rol\u00e1s\u00e1nak id\u0151tartama<\/h5>\n<p>[\/vc_column_text][vc_column_text css=&#8221;.vc_custom_1702043815461{padding-bottom: 26px !important;}&#8221;]<\/p>\n<ul>\n<li>Az \u00e9rintett hozz\u00e1j\u00e1rul\u00e1sa eset\u00e9n a szem\u00e9lyes adatait a hozz\u00e1j\u00e1rul\u00e1s visszavon\u00e1s\u00e1ig, de legk\u00e9s\u0151bb a hozz\u00e1j\u00e1rul\u00e1st k\u00f6vet\u0151 24 h\u00f3napig kezelj\u00fck.<\/li>\n<li>Jogos \u00e9rdek \u00e9rv\u00e9nyes\u00edt\u00e9se eset\u00e9n szem\u00e9lyes adatait &#8211; kiv\u00e9ve ha tiltakozik az adatkezel\u00e9s ellen &#8211; a megv\u00e1s\u00e1rolt term\u00e9k vagy szolg\u00e1ltat\u00e1s \u00e9letciklus\u00e1hoz m\u00e9rten indokolt ideig kezelj\u00fck, mindezt annak \u00e9rdek\u00e9ben hogy a kapcsol\u00f3d\u00f3 term\u00e9ket vagy szolg\u00e1ltat\u00e1st teljes\u00edteni tudjuk az \u00f6n sz\u00e1m\u00e1ra.<\/li>\n<li>A szerz\u0151d\u00e9s teljes\u00fcl\u00e9se eset\u00e9n szem\u00e9lyes adatait a szerz\u0151d\u00e9ses jogviszony fenn\u00e1ll\u00e1s\u00e1ig kezelj\u00fck, ide\u00e9rtve a j\u00f3t\u00e1ll\u00e1si \u00e9s reklam\u00e1ci\u00f3s id\u0151szakot is.<\/li>\n<li>Jogszab\u00e1ly \u00e1ltal el\u0151\u00edrt k\u00f6telezetts\u00e9g teljes\u00edt\u00e9se eset\u00e9n szem\u00e9lyes adatait a jogszab\u00e1lyban el\u0151\u00edrt ideig kezelj\u00fck. A sz\u00e1mviteli t\u00f6rv\u00e9ny, az \u00e1fa t\u00f6rv\u00e9ny vagy hasonl\u00f3 jogszab\u00e1ly eset\u00e9n ezen id\u0151szak 10 \u00e9v is lehet.<\/li>\n<\/ul>\n<p>[\/vc_column_text][vc_column_text css=&#8221;.vc_custom_1702043832907{padding-bottom: 14px !important;}&#8221;]<\/p>\n<h5>Az \u00e9rintett jogai<\/h5>\n<p>[\/vc_column_text][vc_column_text css=&#8221;.vc_custom_1702043852688{padding-bottom: 26px !important;}&#8221;]<\/p>\n<ul>\n<li>Szem\u00e9lyes adatai kezel\u00e9se sor\u00e1n az \u00f6n jogait is \u00e9v\u00e9nyes\u00edtjuk\n<ul>\n<li>\u00d6nnek <strong>mint az adakezel\u00e9sben \u00e9rintett f\u00e9lnek joga<\/strong> van a szem\u00e9lyes adataihoz t\u00f6rt\u00e9n\u0151 hozz\u00e1f\u00e9r\u00e9shez, tov\u00e1bb\u00e1 joga van megismerni szem\u00e9lyes adatai felhaszn\u00e1l\u00e1s\u00e1nak c\u00e9lj\u00e1t, tov\u00e1bb\u00e1 a c\u00edmzettek szem\u00e9ly\u00e9t \u00e9s a felhaszn\u00e1l\u00e1s id\u0151tartam\u00e1t is.<\/li>\n<li>Jogosult <strong>szem\u00e9lyes adatainak<\/strong> helyesb\u00edt\u00e9s\u00e9t k\u00e9rni az adatkezel\u0151t\u0151l.<\/li>\n<li>Amennyiben szem\u00e9lyes adatai t\u00e9vesek vagy <strong>v\u00e1ltoztak<\/strong> k\u00e9rj\u00fck a helyesb\u00edt\u00e9s \u00e9rdek\u00e9ben keressen fel minket.<\/li>\n<li>K\u00e9rheti tov\u00e1bb\u00e1 <strong>szem\u00e9lyes adtainak<\/strong> t\u00f6rl\u00e9s\u00e9t amennyiben azok helytelenek vagy jogellenesen ker\u00fcltek felhaszn\u00e1l\u00e1sra.<\/li>\n<li>Amennyiben <strong>hozz\u00e1j\u00e1rul\u00e1s\u00e1t adta szem\u00e9lyes adatainak egy vagy t\u00f6bb<\/strong> konkr\u00e9t c\u00e9lb\u00f3l t\u00f6rt\u00e9n\u0151 kezel\u00e9s\u00e9hez, \u00fagy t\u00e1j\u00e9koztatjuk, hogy a hozz\u00e1j\u00e1rul\u00e1s b\u00e1rmely id\u0151pontban t\u00f6rt\u00e9n\u0151 visszavon\u00e1s\u00e1hoz joga van, amely azonban nem \u00e9rinti a visszavon\u00e1s el\u0151tt a hozz\u00e1j\u00e1rul\u00e1s alapj\u00e1n v\u00e9grehajtott adatkezel\u00e9s jogszer\u0171s\u00e9g\u00e9t.<\/li>\n<li>Jogosult tov\u00e1bb\u00e1 <strong>k\u00e9rni az adatkezel\u00e9s teljesm\u00e9rt\u00e9k\u0171<\/strong> korl\u00e1toz\u00e1s\u00e1t vagy csak a jogilag megalapozott esetekben t\u00f6rt\u00e9n\u0151 felhaszn\u00e1l\u00e1st.<\/li>\n<li>Jog\u00e1ban <strong>\u00e1ll tiltakozni az automatiz\u00e1lt<\/strong> adatkezel\u00e9sen alapul\u00f3 d\u00f6nt\u00e9shozatal ellen, ha \u00fagy tal\u00e1lja,hogy ez a feldolgoz\u00e1s jogellenes vagy s\u00e9rti az \u00f6n jogait.<\/li>\n<\/ul>\n<p>\u00d6nnek joga <strong>van az adathordozhat\u00f3s\u00e1ghoz,<\/strong> miszerint ha szem\u00e9lyes adatait m\u00e1s \u00fczemeltet\u0151h\u00f6z k\u00edv\u00e1nja \u00e1tadni, azokat megfelel\u0151 form\u00e1tumban &#8211; amennyiben ennek nincs egy\u00e9b technikai vagy jogi akad\u00e1lya &#8211; a rendelkez\u00e9s\u00e9re bocs\u00e1tjuk. Tov\u00e1bb\u00e1 joga van panasszal \u00e9lni a fel\u00fcgyeleti szervn\u00e9l, amely a Szlov\u00e1k K\u00f6zt\u00e1rsas\u00e1g Szem\u00e9lyes Adatok V\u00e9delm\u00e9rt Felel\u0151s Hivatala, amelynek sz\u00e9khelye: Hrani\u010dn\u00e1 12, 820 07 Bratislava 27, Szlov\u00e1k K\u00f6zt\u00e1rsas\u00e1g, statisztikai azonos\u00edt\u00f3 jel: 36 064 220, tel. sz\u00e1m: +421 2 3231 3220, <a href=\"https:\/\/dataprotection.gov.sk\/uoou\/\">https:\/\/dataprotection.gov.sk\/uoou\/<\/a><\/li>\n<\/ul>\n<p>[\/vc_column_text][vc_column_text css=&#8221;.vc_custom_1702043874986{padding-bottom: 14px !important;}&#8221;]<\/p>\n<h5>Hol \u00e9s mik\u00e9pp \u00e9rv\u00e9nyes\u00edtheti jogait<\/h5>\n<p>[\/vc_column_text][vc_column_text css=&#8221;.vc_custom_1705917980248{padding-bottom: 26px !important;}&#8221;]Jogi ig\u00e9nyeinek el\u0151terjeszt\u00e9s\u00e9t +421 915 951 153-as telefonsz\u00e1mon, \u00edr\u00e1sban a CF STUDIO s.r.o., Letn\u00e1 ul. 90\/24, 94501 Kom\u00e1rno c\u00edmen teheti meg, megkeres\u00e9s\u00e9re 30 napon bel\u00fcl t\u00e9r\u00edt\u00e9smentesen v\u00e1laszolunk. A hat\u00e1rid\u0151 tov\u00e1bbi 60 nappal meghosszabb\u00edthat\u00f3 ha jelent\u0151s sz\u00e1m\u00fa megkeres\u00e9se \u00e9rkezik vagy a megkeres\u00e9s \u00f6sszetetts\u00e9ge azt indokolja. Amennyiben ez \u00edgy t\u00f6rt\u00e9nik arr\u00f3l halad\u00e9ktalanuk t\u00e1j\u00e9koztatjuk az okok megjel\u00f6l\u00e9s\u00e9vel egyetemben.<\/p>\n<p>Ha azonban megkeres\u00e9se egy\u00e9rtelm\u0171en indokolatlan vagy t\u00f6bbsz\u00f6r ism\u00e9tl\u0151d\u0151, jogosultak vagyunk adminisztr\u00e1ci\u00f3s d\u00edjat felsz\u00e1m\u00edtani a szolg\u00e1ltat\u00e1s ny\u00fajt\u00e1s\u00e1val kapcsolatos k\u00f6lts\u00e9gek fedez\u00e9s\u00e9re.[\/vc_column_text][\/vc_column][\/vc_row][vc_row css_animation=&#8221;&#8221; row_type=&#8221;row&#8221; use_row_as_full_screen_section=&#8221;no&#8221; type=&#8221;grid&#8221; angled_section=&#8221;no&#8221; text_align=&#8221;left&#8221; background_image_as_pattern=&#8221;without_pattern&#8221; bg_type=&#8221;bg_color&#8221; bg_color_value=&#8221;#141414&#8243; z_index=&#8221;&#8221; css=&#8221;.vc_custom_1705057001420{padding-top: 30px !important;padding-bottom: 50px !important;}&#8221;][vc_column width=&#8221;1\/4&#8243; css=&#8221;.vc_custom_1705060753050{margin-top: 20px !important;}&#8221;][vc_column_text]<img loading=\"lazy\" decoding=\"async\" class=\"alignnone wp-image-873\" src=\"https:\/\/www.gymx.sk\/wp-content\/uploads\/2018\/04\/logo-header-medium-300x167.png\" alt=\"\" width=\"180\" height=\"100\" srcset=\"https:\/\/www.gymx.sk\/wp-content\/uploads\/2018\/04\/logo-header-medium-300x167.png 300w, https:\/\/www.gymx.sk\/wp-content\/uploads\/2018\/04\/logo-header-medium.png 320w\" sizes=\"(max-width: 180px) 100vw, 180px\" \/>[\/vc_column_text][\/vc_column][vc_column width=&#8221;1\/4&#8243; css=&#8221;.vc_custom_1705060763291{margin-top: 20px !important;}&#8221;][vc_column_text css=&#8221;.vc_custom_1705060851220{padding-bottom: 12px !important;}&#8221;]<\/p>\n<h6><strong>Kapcsolat<\/strong><\/h6>\n<p>[\/vc_column_text][vc_column_text css=&#8221;.vc_custom_1705060861308{padding-bottom: 7px !important;}&#8221;]E-mail: <a href=\"mailto:info@gymx.sk\">info@gymx.sk<\/a>[\/vc_column_text][vc_column_text]C\u00edm: OD ISTER, R\u00e1k\u00f3czi utca 233,[\/vc_column_text][vc_column_text]945 01 Kom\u00e1rno[\/vc_column_text][\/vc_column][vc_column width=&#8221;1\/4&#8243; css=&#8221;.vc_custom_1705060774332{margin-top: 20px !important;}&#8221;][vc_column_text css=&#8221;.vc_custom_1705056733892{padding-bottom: 12px !important;}&#8221;]<\/p>\n<h6><strong>Hasznos linkek<\/strong><\/h6>\n<p>[\/vc_column_text][vc_column_text css=&#8221;.vc_custom_1705858252259{padding-bottom: 7px !important;}&#8221;]<a href=\"https:\/\/www.gymx.sk\/hu\/tobb-a-suti-fajlokrol\/\">S\u00fctiket haszn\u00e1lunk<\/a>[\/vc_column_text][vc_column_text css=&#8221;.vc_custom_1705056759260{padding-bottom: 7px !important;}&#8221;]<a href=\"https:\/\/www.gymx.sk\/hu\/szemelyes-adatok-vedelme\/\">Szem\u00e9lyes adatok v\u00e9delme<\/a>[\/vc_column_text][vc_column_text]<a href=\"https:\/\/www.gymx.sk\/hu\/altalanos-szerzodesi-feltetelek\/\">\u00c1ltal\u00e1nos szerz\u00f6d\u00e9si felt\u00e9telek<\/a>[\/vc_column_text][\/vc_column][vc_column width=&#8221;1\/4&#8243; css=&#8221;.vc_custom_1705060785541{margin-top: 20px !important;}&#8221;][vc_column_text css=&#8221;.vc_custom_1705056772722{padding-bottom: 12px !important;}&#8221;]<\/p>\n<h5>K\u00f6vess minket<\/h5>\n<p>[\/vc_column_text]<span class='q_social_icon_holder normal_social' data-color=#767676 data-hover-color=#d2fd4e><a itemprop='url' href='https:\/\/www.instagram.com\/gymx_komarno\/' target='_blank'><i class=\"qode_icon_font_awesome fa fa-instagram  simple_social\" style=\"color: #767676;font-size: 30px;\" ><\/i><\/a><\/span><span class='q_social_icon_holder normal_social' data-color=#767676 data-hover-color=#d2fd4e><a itemprop='url' href='https:\/\/www.facebook.com\/profile.php?id=61555695323728' target='_blank'><i class=\"qode_icon_font_awesome fa fa-facebook  simple_social\" style=\"color: #767676;font-size: 30px;\" ><\/i><\/a><\/span>[\/vc_column][\/vc_row]<\/p>\n<\/div>","protected":false},"excerpt":{"rendered":"<p>[vc_row css_animation=&#8221;&#8221; row_type=&#8221;row&#8221; use_row_as_full_screen_section=&#8221;no&#8221; type=&#8221;grid&#8221; angled_section=&#8221;no&#8221; text_align=&#8221;left&#8221; background_image_as_pattern=&#8221;without_pattern&#8221; bg_type=&#8221;bg_color&#8221; z_index=&#8221;&#8221; bg_color_value=&#8221;#000000&#8243;][vc_column][vc_column_text css=&#8221;.vc_custom_1702042192906{padding-bottom: 19px !important;}&#8221;] Szem\u00e9lyes adatok v\u00e9delme [\/vc_column_text][vc_column_text css=&#8221;.vc_custom_1702043562008{padding-bottom: 14px !important;}&#8221;] T\u00e1j\u00e9koztat\u00f3 a szem\u00e9lyes adatok kezel\u00e9s\u00e9r\u0151l [\/vc_column_text][vc_column_text css=&#8221;.vc_custom_1702043462569{padding-bottom: 26px !important;}&#8221;]A szem\u00e9lyes adatok kezel\u00e9s\u00e9vel kapcsolatban az Eur\u00f3pai Parlament \u00e9s a Tan\u00e1cs (EU) a term\u00e9szetes szem\u00e9lyeknek a&#8230;<\/p>\n","protected":false},"author":1,"featured_media":0,"parent":0,"menu_order":0,"comment_status":"closed","ping_status":"open","template":"full_width.php","meta":{"footnotes":""},"class_list":["post-1534","page","type-page","status-publish","hentry"],"yoast_head":"<!-- This site is optimized with the Yoast SEO plugin v23.7 - https:\/\/yoast.com\/wordpress\/plugins\/seo\/ -->\n<title>Szem\u00e9lyes adatok v\u00e9delme | GymX<\/title>\n<meta name=\"robots\" content=\"index, follow, max-snippet:-1, max-image-preview:large, max-video-preview:-1\" \/>\n<link rel=\"canonical\" href=\"https:\/\/www.gymx.sk\/hu\/szemelyes-adatok-vedelme\/\" \/>\n<meta property=\"og:locale\" content=\"hu_HU\" \/>\n<meta property=\"og:type\" content=\"article\" \/>\n<meta property=\"og:title\" content=\"Szem\u00e9lyes adatok v\u00e9delme | GymX\" \/>\n<meta property=\"og:description\" content=\"[vc_row css_animation=&#8221;&#8221; row_type=&#8221;row&#8221; use_row_as_full_screen_section=&#8221;no&#8221; type=&#8221;grid&#8221; angled_section=&#8221;no&#8221; text_align=&#8221;left&#8221; background_image_as_pattern=&#8221;without_pattern&#8221; bg_type=&#8221;bg_color&#8221; z_index=&#8221;&#8221; bg_color_value=&#8221;#000000&#8243;][vc_column][vc_column_text css=&#8221;.vc_custom_1702042192906{padding-bottom: 19px !important;}&#8221;] Szem\u00e9lyes adatok v\u00e9delme [\/vc_column_text][vc_column_text css=&#8221;.vc_custom_1702043562008{padding-bottom: 14px !important;}&#8221;] T\u00e1j\u00e9koztat\u00f3 a szem\u00e9lyes adatok kezel\u00e9s\u00e9r\u0151l [\/vc_column_text][vc_column_text css=&#8221;.vc_custom_1702043462569{padding-bottom: 26px !important;}&#8221;]A szem\u00e9lyes adatok kezel\u00e9s\u00e9vel kapcsolatban az Eur\u00f3pai Parlament \u00e9s a Tan\u00e1cs (EU) a term\u00e9szetes szem\u00e9lyeknek a...\" \/>\n<meta property=\"og:url\" content=\"https:\/\/www.gymx.sk\/hu\/szemelyes-adatok-vedelme\/\" \/>\n<meta property=\"og:site_name\" content=\"GymX\" \/>\n<meta property=\"article:modified_time\" content=\"2024-05-20T13:35:31+00:00\" \/>\n<meta property=\"og:image\" content=\"https:\/\/www.gymx.sk\/wp-content\/uploads\/2018\/04\/logo-header-medium-300x167.png\" \/>\n<meta name=\"twitter:card\" content=\"summary_large_image\" \/>\n<meta name=\"twitter:label1\" content=\"Becs\u00fclt olvas\u00e1si id\u0151\" \/>\n\t<meta name=\"twitter:data1\" content=\"6 perc\" \/>\n<script type=\"application\/ld+json\" class=\"yoast-schema-graph\">{\"@context\":\"https:\/\/schema.org\",\"@graph\":[{\"@type\":\"WebPage\",\"@id\":\"https:\/\/www.gymx.sk\/hu\/szemelyes-adatok-vedelme\/\",\"url\":\"https:\/\/www.gymx.sk\/hu\/szemelyes-adatok-vedelme\/\",\"name\":\"Szem\u00e9lyes adatok v\u00e9delme | GymX\",\"isPartOf\":{\"@id\":\"https:\/\/www.gymx.sk\/#website\"},\"primaryImageOfPage\":{\"@id\":\"https:\/\/www.gymx.sk\/hu\/szemelyes-adatok-vedelme\/#primaryimage\"},\"image\":{\"@id\":\"https:\/\/www.gymx.sk\/hu\/szemelyes-adatok-vedelme\/#primaryimage\"},\"thumbnailUrl\":\"https:\/\/www.gymx.sk\/wp-content\/uploads\/2018\/04\/logo-header-medium-300x167.png\",\"datePublished\":\"2023-11-24T08:44:20+00:00\",\"dateModified\":\"2024-05-20T13:35:31+00:00\",\"breadcrumb\":{\"@id\":\"https:\/\/www.gymx.sk\/hu\/szemelyes-adatok-vedelme\/#breadcrumb\"},\"inLanguage\":\"hu\",\"potentialAction\":[{\"@type\":\"ReadAction\",\"target\":[\"https:\/\/www.gymx.sk\/hu\/szemelyes-adatok-vedelme\/\"]}]},{\"@type\":\"ImageObject\",\"inLanguage\":\"hu\",\"@id\":\"https:\/\/www.gymx.sk\/hu\/szemelyes-adatok-vedelme\/#primaryimage\",\"url\":\"https:\/\/www.gymx.sk\/wp-content\/uploads\/2018\/04\/logo-header-medium-300x167.png\",\"contentUrl\":\"https:\/\/www.gymx.sk\/wp-content\/uploads\/2018\/04\/logo-header-medium-300x167.png\"},{\"@type\":\"BreadcrumbList\",\"@id\":\"https:\/\/www.gymx.sk\/hu\/szemelyes-adatok-vedelme\/#breadcrumb\",\"itemListElement\":[{\"@type\":\"ListItem\",\"position\":1,\"name\":\"Domovsk\u00e1 str\u00e1nka\",\"item\":\"https:\/\/www.gymx.sk\/hu\/honlap\/\"},{\"@type\":\"ListItem\",\"position\":2,\"name\":\"Szem\u00e9lyes adatok v\u00e9delme\"}]},{\"@type\":\"WebSite\",\"@id\":\"https:\/\/www.gymx.sk\/#website\",\"url\":\"https:\/\/www.gymx.sk\/\",\"name\":\"GymX\",\"description\":\"Tvoje svetov\u00e9 fitko!\",\"publisher\":{\"@id\":\"https:\/\/www.gymx.sk\/#organization\"},\"potentialAction\":[{\"@type\":\"SearchAction\",\"target\":{\"@type\":\"EntryPoint\",\"urlTemplate\":\"https:\/\/www.gymx.sk\/?s={search_term_string}\"},\"query-input\":{\"@type\":\"PropertyValueSpecification\",\"valueRequired\":true,\"valueName\":\"search_term_string\"}}],\"inLanguage\":\"hu\"},{\"@type\":\"Organization\",\"@id\":\"https:\/\/www.gymx.sk\/#organization\",\"name\":\"GymX\",\"url\":\"https:\/\/www.gymx.sk\/\",\"logo\":{\"@type\":\"ImageObject\",\"inLanguage\":\"hu\",\"@id\":\"https:\/\/www.gymx.sk\/#\/schema\/logo\/image\/\",\"url\":\"https:\/\/www.gymx.sk\/wp-content\/uploads\/2018\/04\/logo-header-medium-dark.png\",\"contentUrl\":\"https:\/\/www.gymx.sk\/wp-content\/uploads\/2018\/04\/logo-header-medium-dark.png\",\"width\":320,\"height\":178,\"caption\":\"GymX\"},\"image\":{\"@id\":\"https:\/\/www.gymx.sk\/#\/schema\/logo\/image\/\"}}]}<\/script>\n<!-- \/ Yoast SEO plugin. -->","yoast_head_json":{"title":"Szem\u00e9lyes adatok v\u00e9delme | GymX","robots":{"index":"index","follow":"follow","max-snippet":"max-snippet:-1","max-image-preview":"max-image-preview:large","max-video-preview":"max-video-preview:-1"},"canonical":"https:\/\/www.gymx.sk\/hu\/szemelyes-adatok-vedelme\/","og_locale":"hu_HU","og_type":"article","og_title":"Szem\u00e9lyes adatok v\u00e9delme | GymX","og_description":"[vc_row css_animation=&#8221;&#8221; row_type=&#8221;row&#8221; use_row_as_full_screen_section=&#8221;no&#8221; type=&#8221;grid&#8221; angled_section=&#8221;no&#8221; text_align=&#8221;left&#8221; background_image_as_pattern=&#8221;without_pattern&#8221; bg_type=&#8221;bg_color&#8221; z_index=&#8221;&#8221; bg_color_value=&#8221;#000000&#8243;][vc_column][vc_column_text css=&#8221;.vc_custom_1702042192906{padding-bottom: 19px !important;}&#8221;] Szem\u00e9lyes adatok v\u00e9delme [\/vc_column_text][vc_column_text css=&#8221;.vc_custom_1702043562008{padding-bottom: 14px !important;}&#8221;] T\u00e1j\u00e9koztat\u00f3 a szem\u00e9lyes adatok kezel\u00e9s\u00e9r\u0151l [\/vc_column_text][vc_column_text css=&#8221;.vc_custom_1702043462569{padding-bottom: 26px !important;}&#8221;]A szem\u00e9lyes adatok kezel\u00e9s\u00e9vel kapcsolatban az Eur\u00f3pai Parlament \u00e9s a Tan\u00e1cs (EU) a term\u00e9szetes szem\u00e9lyeknek a...","og_url":"https:\/\/www.gymx.sk\/hu\/szemelyes-adatok-vedelme\/","og_site_name":"GymX","article_modified_time":"2024-05-20T13:35:31+00:00","og_image":[{"url":"https:\/\/www.gymx.sk\/wp-content\/uploads\/2018\/04\/logo-header-medium-300x167.png"}],"twitter_card":"summary_large_image","twitter_misc":{"Becs\u00fclt olvas\u00e1si id\u0151":"6 perc"},"schema":{"@context":"https:\/\/schema.org","@graph":[{"@type":"WebPage","@id":"https:\/\/www.gymx.sk\/hu\/szemelyes-adatok-vedelme\/","url":"https:\/\/www.gymx.sk\/hu\/szemelyes-adatok-vedelme\/","name":"Szem\u00e9lyes adatok v\u00e9delme | GymX","isPartOf":{"@id":"https:\/\/www.gymx.sk\/#website"},"primaryImageOfPage":{"@id":"https:\/\/www.gymx.sk\/hu\/szemelyes-adatok-vedelme\/#primaryimage"},"image":{"@id":"https:\/\/www.gymx.sk\/hu\/szemelyes-adatok-vedelme\/#primaryimage"},"thumbnailUrl":"https:\/\/www.gymx.sk\/wp-content\/uploads\/2018\/04\/logo-header-medium-300x167.png","datePublished":"2023-11-24T08:44:20+00:00","dateModified":"2024-05-20T13:35:31+00:00","breadcrumb":{"@id":"https:\/\/www.gymx.sk\/hu\/szemelyes-adatok-vedelme\/#breadcrumb"},"inLanguage":"hu","potentialAction":[{"@type":"ReadAction","target":["https:\/\/www.gymx.sk\/hu\/szemelyes-adatok-vedelme\/"]}]},{"@type":"ImageObject","inLanguage":"hu","@id":"https:\/\/www.gymx.sk\/hu\/szemelyes-adatok-vedelme\/#primaryimage","url":"https:\/\/www.gymx.sk\/wp-content\/uploads\/2018\/04\/logo-header-medium-300x167.png","contentUrl":"https:\/\/www.gymx.sk\/wp-content\/uploads\/2018\/04\/logo-header-medium-300x167.png"},{"@type":"BreadcrumbList","@id":"https:\/\/www.gymx.sk\/hu\/szemelyes-adatok-vedelme\/#breadcrumb","itemListElement":[{"@type":"ListItem","position":1,"name":"Domovsk\u00e1 str\u00e1nka","item":"https:\/\/www.gymx.sk\/hu\/honlap\/"},{"@type":"ListItem","position":2,"name":"Szem\u00e9lyes adatok v\u00e9delme"}]},{"@type":"WebSite","@id":"https:\/\/www.gymx.sk\/#website","url":"https:\/\/www.gymx.sk\/","name":"GymX","description":"Tvoje svetov\u00e9 fitko!","publisher":{"@id":"https:\/\/www.gymx.sk\/#organization"},"potentialAction":[{"@type":"SearchAction","target":{"@type":"EntryPoint","urlTemplate":"https:\/\/www.gymx.sk\/?s={search_term_string}"},"query-input":{"@type":"PropertyValueSpecification","valueRequired":true,"valueName":"search_term_string"}}],"inLanguage":"hu"},{"@type":"Organization","@id":"https:\/\/www.gymx.sk\/#organization","name":"GymX","url":"https:\/\/www.gymx.sk\/","logo":{"@type":"ImageObject","inLanguage":"hu","@id":"https:\/\/www.gymx.sk\/#\/schema\/logo\/image\/","url":"https:\/\/www.gymx.sk\/wp-content\/uploads\/2018\/04\/logo-header-medium-dark.png","contentUrl":"https:\/\/www.gymx.sk\/wp-content\/uploads\/2018\/04\/logo-header-medium-dark.png","width":320,"height":178,"caption":"GymX"},"image":{"@id":"https:\/\/www.gymx.sk\/#\/schema\/logo\/image\/"}}]}},"_links":{"self":[{"href":"https:\/\/www.gymx.sk\/hu\/wp-json\/wp\/v2\/pages\/1534"}],"collection":[{"href":"https:\/\/www.gymx.sk\/hu\/wp-json\/wp\/v2\/pages"}],"about":[{"href":"https:\/\/www.gymx.sk\/hu\/wp-json\/wp\/v2\/types\/page"}],"author":[{"embeddable":true,"href":"https:\/\/www.gymx.sk\/hu\/wp-json\/wp\/v2\/users\/1"}],"replies":[{"embeddable":true,"href":"https:\/\/www.gymx.sk\/hu\/wp-json\/wp\/v2\/comments?post=1534"}],"version-history":[{"count":6,"href":"https:\/\/www.gymx.sk\/hu\/wp-json\/wp\/v2\/pages\/1534\/revisions"}],"predecessor-version":[{"id":2293,"href":"https:\/\/www.gymx.sk\/hu\/wp-json\/wp\/v2\/pages\/1534\/revisions\/2293"}],"wp:attachment":[{"href":"https:\/\/www.gymx.sk\/hu\/wp-json\/wp\/v2\/media?parent=1534"}],"curies":[{"name":"wp","href":"https:\/\/api.w.org\/{rel}","templated":true}]}}